
{"id":5187,"date":"2025-05-12T09:23:41","date_gmt":"2025-05-12T07:23:41","guid":{"rendered":"https:\/\/www.ecolelasource.ch\/defi-source\/?page_id=5187"},"modified":"2025-05-26T08:45:43","modified_gmt":"2025-05-26T06:45:43","slug":"finalistes","status":"publish","type":"page","link":"https:\/\/www.ecolelasource.ch\/defi-source\/edition-2025\/finalistes\/","title":{"rendered":"14 projets finalistes"},"content":{"rendered":"<p>&nbsp;<\/p>\n<p>Nous f\u00e9licitons les 190 participant\u00b7e\u00b7s enthousiastes qui se sont inscrit\u00b7es \u00e0 cette \u00e9dition 2025. Une belle \u00e9nergie collective pour r\u00e9inventer le monde de la sant\u00e9\u2026 et \u00e7a, c\u2019est d\u00e9j\u00e0 une r\u00e9ussite! \u00c0 l\u2019issue du Pitch Day, 14 \u00e9quipes ont \u00e9t\u00e9 s\u00e9lectionn\u00e9es pour acc\u00e9der au Bootcamp et au D Day, la c\u00e9r\u00e9monie de cl\u00f4ture et de remise des prix.<\/p>\n<p>&nbsp;<\/p>\n<p><strong><span style=\"color: #000000\">Les 14 projets finalistes 2025 sont\u2026<\/span><\/strong><\/p>\n<p><span style=\"color: #00a9e8\">1. AltheaVR<\/span><\/p>\n<p>\ud83c\udfc5Remporte le Prix CSS Assurance<br \/>\n<span style=\"color: #000000\">\ud83c\udfc5Remporte le Prix du Jury by Biop\u00f4le<br \/>\nA<\/span><span style=\"color: #000000\">ltheaVR est une solution digitale de m\u00e9decine int\u00e9grative qui combine r\u00e9alit\u00e9 virtuelle, biofeedback et intelligence artificielle pour am\u00e9liorer la prise en charge de la sant\u00e9 mentale, depuis la pr\u00e9vention jusqu\u2019\u00e0 la r\u00e9mission.<\/span><\/p>\n<p><img class=\"alignnone wp-image-5193\" src=\"https:\/\/www.ecolelasource.ch\/defi-source\/wp-content\/uploads\/sites\/8\/2025\/05\/P1-300x140.png\" alt=\"\" width=\"270\" height=\"126\" srcset=\"https:\/\/www.ecolelasource.ch\/defi-source\/wp-content\/uploads\/sites\/8\/2025\/05\/P1-300x140.png 300w, https:\/\/www.ecolelasource.ch\/defi-source\/wp-content\/uploads\/sites\/8\/2025\/05\/P1.png 650w\" sizes=\"(max-width: 270px) 100vw, 270px\" \/><\/p>\n<p><span style=\"color: #00a9e8\">2. Atelier Sant\u00e9<\/span><\/p>\n<p><span style=\"font-weight: inherit\">\ud83c\udfc5Remporte le Prix du Public by La Clinique de La Source<br \/>\nL\u2019Atelier Sant\u00e9 est un camp \u00e9ducatif destin\u00e9 aux enfants de 6 \u00e0 15 ans. Il a pour objectif de leur enseigner les bases essentielles en mati\u00e8re de sant\u00e9, notamment les premiers secours, la sant\u00e9 mentale, le respect du corps, la pr\u00e9vention du harc\u00e8lement et la sensibilisation au handicap.<\/span><\/p>\n<p><img class=\"alignnone wp-image-5197\" style=\"font-weight: inherit\" src=\"https:\/\/www.ecolelasource.ch\/defi-source\/wp-content\/uploads\/sites\/8\/2025\/05\/p5-300x300.jpg\" alt=\"\" width=\"270\" height=\"270\" srcset=\"https:\/\/www.ecolelasource.ch\/defi-source\/wp-content\/uploads\/sites\/8\/2025\/05\/p5-300x300.jpg 300w, https:\/\/www.ecolelasource.ch\/defi-source\/wp-content\/uploads\/sites\/8\/2025\/05\/p5-200x200.jpg 200w, https:\/\/www.ecolelasource.ch\/defi-source\/wp-content\/uploads\/sites\/8\/2025\/05\/p5-40x40.jpg 40w, https:\/\/www.ecolelasource.ch\/defi-source\/wp-content\/uploads\/sites\/8\/2025\/05\/p5-60x60.jpg 60w, https:\/\/www.ecolelasource.ch\/defi-source\/wp-content\/uploads\/sites\/8\/2025\/05\/p5.jpg 650w\" sizes=\"(max-width: 270px) 100vw, 270px\" \/><\/p>\n<p><span style=\"color: #00a9e8\">3. CareTogether<\/span><br \/>\nCareTogether est une Web App innovante con\u00e7ue pour centraliser et simplifier l&rsquo;acc\u00e8s aux ressources utiles aux patients atteints de cancer dans le canton de Vaud, \u00e0 leurs proches aidants ainsi qu\u2019aux professionnels de la sant\u00e9, du social et des assurances.<\/p>\n<p><img class=\"alignnone wp-image-5194\" src=\"https:\/\/www.ecolelasource.ch\/defi-source\/wp-content\/uploads\/sites\/8\/2025\/05\/P2-300x300.jpg\" alt=\"\" width=\"270\" height=\"270\" srcset=\"https:\/\/www.ecolelasource.ch\/defi-source\/wp-content\/uploads\/sites\/8\/2025\/05\/P2-300x300.jpg 300w, https:\/\/www.ecolelasource.ch\/defi-source\/wp-content\/uploads\/sites\/8\/2025\/05\/P2-200x200.jpg 200w, https:\/\/www.ecolelasource.ch\/defi-source\/wp-content\/uploads\/sites\/8\/2025\/05\/P2-40x40.jpg 40w, https:\/\/www.ecolelasource.ch\/defi-source\/wp-content\/uploads\/sites\/8\/2025\/05\/P2-60x60.jpg 60w, https:\/\/www.ecolelasource.ch\/defi-source\/wp-content\/uploads\/sites\/8\/2025\/05\/P2.jpg 650w\" sizes=\"(max-width: 270px) 100vw, 270px\" \/><\/p>\n<p><span style=\"color: #00a9e8\">4.D\u00e9charge +<\/span><br \/>\nD\u00c9CHARGE+ est une plateforme intelligente con\u00e7ue pour soulager les aidants familiaux, comme les parents d\u2019enfants avec des besoins m\u00e9dicaux ou \u00e9ducatifs complexes et pour aidants des personnes \u00e2g\u00e9es.<\/p>\n<p><img class=\"alignnone wp-image-5192\" src=\"https:\/\/www.ecolelasource.ch\/defi-source\/wp-content\/uploads\/sites\/8\/2025\/05\/Decharge-300x225.jpg\" alt=\"\" width=\"270\" height=\"203\" srcset=\"https:\/\/www.ecolelasource.ch\/defi-source\/wp-content\/uploads\/sites\/8\/2025\/05\/Decharge-300x225.jpg 300w, https:\/\/www.ecolelasource.ch\/defi-source\/wp-content\/uploads\/sites\/8\/2025\/05\/Decharge.jpg 650w\" sizes=\"(max-width: 270px) 100vw, 270px\" \/><\/p>\n<p><span style=\"color: #00a9e8\">5. Formation PPPAPillons<\/span><\/p>\n<p><span style=\"font-weight: inherit\">\ud83c\udfc5Remporte le Prix UNIL \u2013 HUB Entrepreneuriat et Innovation<br \/>\n\ud83c\udfc5Remporte la distinction HEIG-VD<br \/>\nLe projet de formation de personnes concern\u00e9es par la maladie chronique en Romandie vise \u00e0 transformer l&rsquo;exp\u00e9rience de vie des patients atteints de maladies chroniques, leurs proches-aidants et \u00e0 influencer positivement celle du personnel m\u00e9dical soignant.<\/span><\/p>\n<p><img class=\"alignnone wp-image-5253\" src=\"https:\/\/www.ecolelasource.ch\/defi-source\/wp-content\/uploads\/sites\/8\/2025\/05\/Defi-totem-PPPAPillon-280x300.png\" alt=\"\" width=\"270\" height=\"289\" srcset=\"https:\/\/www.ecolelasource.ch\/defi-source\/wp-content\/uploads\/sites\/8\/2025\/05\/Defi-totem-PPPAPillon-280x300.png 280w, https:\/\/www.ecolelasource.ch\/defi-source\/wp-content\/uploads\/sites\/8\/2025\/05\/Defi-totem-PPPAPillon-768x823.png 768w, https:\/\/www.ecolelasource.ch\/defi-source\/wp-content\/uploads\/sites\/8\/2025\/05\/Defi-totem-PPPAPillon-767x822.png 767w, https:\/\/www.ecolelasource.ch\/defi-source\/wp-content\/uploads\/sites\/8\/2025\/05\/Defi-totem-PPPAPillon.png 928w\" sizes=\"(max-width: 270px) 100vw, 270px\" \/><\/p>\n<p><span style=\"color: #00a9e8\">6. Healio<\/span><\/p>\n<p><span style=\"font-weight: inherit\">\ud83c\udfc5Remporte la distinction de la FIT &#8211; Fondation pour l\u2019Innovation et la technologie<br \/>\n\ud83c\udfc5Remporte la distinction Galenica SA<br \/>\nR\u00e9volutionner la gestion des plannings des soignants: Healio, une application web qui permettra aux personnels soignants de s&rsquo;auto-planifier rapidement et efficacement tout en int\u00e9grant les contraintes des services de soins!<\/span><\/p>\n<p><img class=\"alignnone wp-image-5196\" src=\"https:\/\/www.ecolelasource.ch\/defi-source\/wp-content\/uploads\/sites\/8\/2025\/05\/p4-300x137.png\" alt=\"\" width=\"270\" height=\"123\" srcset=\"https:\/\/www.ecolelasource.ch\/defi-source\/wp-content\/uploads\/sites\/8\/2025\/05\/p4-300x137.png 300w, https:\/\/www.ecolelasource.ch\/defi-source\/wp-content\/uploads\/sites\/8\/2025\/05\/p4.png 650w\" sizes=\"(max-width: 270px) 100vw, 270px\" \/><\/p>\n<p><span style=\"color: #00a9e8\">7. Link&rsquo;Care<\/span><\/p>\n<p>\ud83c\udfc5Remporte le Prix de l&rsquo;Association des communes de Crans-Montana<br \/>\nLink\u2019Care est une application d\u2019orientation en sant\u00e9 pens\u00e9e pour accompagner les personnes vivant avec une maladie rare tout au long de leur parcours.<\/p>\n<p><img class=\"alignnone wp-image-5198\" src=\"https:\/\/www.ecolelasource.ch\/defi-source\/wp-content\/uploads\/sites\/8\/2025\/05\/p6-300x222.png\" alt=\"\" width=\"270\" height=\"200\" srcset=\"https:\/\/www.ecolelasource.ch\/defi-source\/wp-content\/uploads\/sites\/8\/2025\/05\/p6-300x222.png 300w, https:\/\/www.ecolelasource.ch\/defi-source\/wp-content\/uploads\/sites\/8\/2025\/05\/p6.png 650w\" sizes=\"(max-width: 270px) 100vw, 270px\" \/><\/p>\n<p><span style=\"color: #00a9e8\">8. LittleCubes<\/span><\/p>\n<p><span style=\"font-weight: inherit\">\ud83c\udfc5Remporte la distinction Multiple SA Global Design<br \/>\n\ud83c\udfc5Remporte la distinction de la Ville de Lausanne<br \/>\n<\/span><span style=\"font-weight: inherit\">LittleCubes transforme la th\u00e9rapie en jeu pour les enfants autistes gr\u00e2ce \u00e0 des cubes lumineux.<\/span><\/p>\n<p><img class=\"alignnone wp-image-5200\" src=\"https:\/\/www.ecolelasource.ch\/defi-source\/wp-content\/uploads\/sites\/8\/2025\/05\/p7-300x169.jpg\" alt=\"\" width=\"270\" height=\"152\" srcset=\"https:\/\/www.ecolelasource.ch\/defi-source\/wp-content\/uploads\/sites\/8\/2025\/05\/p7-300x169.jpg 300w, https:\/\/www.ecolelasource.ch\/defi-source\/wp-content\/uploads\/sites\/8\/2025\/05\/p7.jpg 650w\" sizes=\"(max-width: 270px) 100vw, 270px\" \/><\/p>\n<p><span style=\"color: #00a9e8\">9. NeuraV<\/span><br \/>\nNeuraV est une nouvelle solution pour une maladie tr\u00e8s grave mais invisible, les migraines, qui touchent 12% de la population. NeuraV est une nouvelle th\u00e9rapie non pharmacologique bas\u00e9e sur une technologie m\u00e9dicale d\u00e9j\u00e0 utilis\u00e9e en clinique pour une autre indication.<\/p>\n<p><img class=\"alignnone wp-image-5201\" src=\"https:\/\/www.ecolelasource.ch\/defi-source\/wp-content\/uploads\/sites\/8\/2025\/05\/p8-300x169.png\" alt=\"\" width=\"270\" height=\"152\" srcset=\"https:\/\/www.ecolelasource.ch\/defi-source\/wp-content\/uploads\/sites\/8\/2025\/05\/p8-300x169.png 300w, https:\/\/www.ecolelasource.ch\/defi-source\/wp-content\/uploads\/sites\/8\/2025\/05\/p8.png 650w\" sizes=\"(max-width: 270px) 100vw, 270px\" \/><\/p>\n<p><span style=\"color: #00a9e8\">10. PowerDiab<\/span><\/p>\n<p>\ud83c\udfc5Remporte le Prix Unisant\u00e9<br \/>\nApplication de sant\u00e9 li\u00e9e au diab\u00e8te. Elle est pens\u00e9e par et pour les personnes vivant avec un DT1 et s\u2019adresse \u00e9galement aux proches, impliqu\u00e9s dans la gestion quotidienne de la maladie, qui manquent d\u2019information et se retrouvent avec de nombreuses questions.<\/p>\n<p><img class=\"alignnone wp-image-5188\" src=\"https:\/\/www.ecolelasource.ch\/defi-source\/wp-content\/uploads\/sites\/8\/2025\/05\/9-300x300.png\" alt=\"\" width=\"270\" height=\"270\" srcset=\"https:\/\/www.ecolelasource.ch\/defi-source\/wp-content\/uploads\/sites\/8\/2025\/05\/9-300x300.png 300w, https:\/\/www.ecolelasource.ch\/defi-source\/wp-content\/uploads\/sites\/8\/2025\/05\/9-200x200.png 200w, https:\/\/www.ecolelasource.ch\/defi-source\/wp-content\/uploads\/sites\/8\/2025\/05\/9-40x40.png 40w, https:\/\/www.ecolelasource.ch\/defi-source\/wp-content\/uploads\/sites\/8\/2025\/05\/9-60x60.png 60w, https:\/\/www.ecolelasource.ch\/defi-source\/wp-content\/uploads\/sites\/8\/2025\/05\/9.png 650w\" sizes=\"(max-width: 270px) 100vw, 270px\" \/><\/p>\n<p><span style=\"color: #00a9e8\">11. Safe2Eat<\/span><br \/>\nOutil pour les personnes souffrant d\u2019allergies ou d\u2019intol\u00e9rances alimentaires afin de les aider \u00e0 rep\u00e9rer leurs allerg\u00e8nes sp\u00e9cifiques dans une liste d\u2019ingr\u00e9dients et ainsi leur permettre de retrouver le plaisir de manger en toute s\u00e9r\u00e9nit\u00e9, tout en diminuant les co\u00fbts de la sant\u00e9.<\/p>\n<p><img class=\"alignnone wp-image-5189\" src=\"https:\/\/www.ecolelasource.ch\/defi-source\/wp-content\/uploads\/sites\/8\/2025\/05\/11-300x300.png\" alt=\"\" width=\"270\" height=\"270\" srcset=\"https:\/\/www.ecolelasource.ch\/defi-source\/wp-content\/uploads\/sites\/8\/2025\/05\/11-300x300.png 300w, https:\/\/www.ecolelasource.ch\/defi-source\/wp-content\/uploads\/sites\/8\/2025\/05\/11-200x200.png 200w, https:\/\/www.ecolelasource.ch\/defi-source\/wp-content\/uploads\/sites\/8\/2025\/05\/11-40x40.png 40w, https:\/\/www.ecolelasource.ch\/defi-source\/wp-content\/uploads\/sites\/8\/2025\/05\/11-60x60.png 60w, https:\/\/www.ecolelasource.ch\/defi-source\/wp-content\/uploads\/sites\/8\/2025\/05\/11.png 650w\" sizes=\"(max-width: 270px) 100vw, 270px\" \/><\/p>\n<p><span style=\"color: #00a9e8\">12. S&rsquo;asseoir pour mieux (se) soigner<\/span><\/p>\n<p>\ud83c\udfc5Remporte le Prix des Associations faiti\u00e8res cantonales romandes des institutions psycho-m\u00e9dico-sociales<br \/>\n\ud83c\udfc5Remporte le Prix AVASAD<br \/>\n\u201cS\u2019asseoir <span style=\"font-weight: inherit\">pour mieux (se) soigner\u201d ne propose pas un objet, mais un usage relationnel. En r\u00e9duisant la distance per\u00e7ue, il apaise, rassure, restaure la confiance. Le projet vise \u00e0 le diffuser aupr\u00e8s des soignants, \u00e9quipes mobiles, aidants et formateurs, sans imposer d\u2019outil, mais en proposant un commun \u00e0 s\u2019approprier. Et si s\u2019asseoir \u00e9tait plus qu\u2019un confort? Un soin \u00e0 part enti\u00e8re?<\/span><\/p>\n<p><img class=\"alignnone wp-image-5190\" src=\"https:\/\/www.ecolelasource.ch\/defi-source\/wp-content\/uploads\/sites\/8\/2025\/05\/12-259x300.jpg\" alt=\"\" width=\"262\" height=\"303\" srcset=\"https:\/\/www.ecolelasource.ch\/defi-source\/wp-content\/uploads\/sites\/8\/2025\/05\/12-259x300.jpg 259w, https:\/\/www.ecolelasource.ch\/defi-source\/wp-content\/uploads\/sites\/8\/2025\/05\/12.jpg 552w\" sizes=\"(max-width: 262px) 100vw, 262px\" \/><\/p>\n<p><span style=\"color: #00a9e8\">13. SYNAPSCE<\/span><br \/>\nSYNAPSCE est une plateforme d\u2019orientation th\u00e9rapeutique int\u00e9grative qui connecte les savoirs de la m\u00e9decine conventionnelle et des approches compl\u00e9mentaires pour am\u00e9liorer et int\u00e9grer les parcours de soin.<\/p>\n<p><img class=\"alignnone wp-image-5202\" src=\"https:\/\/www.ecolelasource.ch\/defi-source\/wp-content\/uploads\/sites\/8\/2025\/05\/Sans-titre-300x173.jpg\" alt=\"\" width=\"270\" height=\"156\" srcset=\"https:\/\/www.ecolelasource.ch\/defi-source\/wp-content\/uploads\/sites\/8\/2025\/05\/Sans-titre-300x173.jpg 300w, https:\/\/www.ecolelasource.ch\/defi-source\/wp-content\/uploads\/sites\/8\/2025\/05\/Sans-titre.jpg 424w\" sizes=\"(max-width: 270px) 100vw, 270px\" \/><\/p>\n<p><span style=\"color: #00a9e8\">14. Zensa<\/span><br \/>\nApplication de Bien-\u00catre Mental pour les Demandeurs d\u2019Asile.Elle propose une solution simple et pr\u00e9ventive pour accompagner les personnes migrantes dans les Centres F\u00e9d\u00e9raux d\u2019Asile (CFA) face aux premiers signes de mal-\u00eatre psychique.<\/p>\n<p><img class=\"alignnone wp-image-5191\" src=\"https:\/\/www.ecolelasource.ch\/defi-source\/wp-content\/uploads\/sites\/8\/2025\/05\/14-300x239.jpg\" alt=\"\" width=\"270\" height=\"215\" srcset=\"https:\/\/www.ecolelasource.ch\/defi-source\/wp-content\/uploads\/sites\/8\/2025\/05\/14-300x239.jpg 300w, https:\/\/www.ecolelasource.ch\/defi-source\/wp-content\/uploads\/sites\/8\/2025\/05\/14.jpg 605w\" sizes=\"(max-width: 270px) 100vw, 270px\" \/><\/p>\n<p>&nbsp;<\/p>\n<p><strong>\ud83d\udd34 [REPLAY]<br \/>\n<\/strong>La c\u00e9r\u00e9monie de cl\u00f4ture du D\u00e9fi Source qui s&rsquo;est d\u00e9roul\u00e9e le 23 mai est disponible en replay sur YouTube.<br \/>\n\u2b50<span style=\"color: #00a9e8\"> <a style=\"color: #00a9e8\" href=\"https:\/\/youtube.com\/live\/98ceNmAjQug\" target=\"_blank\" rel=\"noopener\">Lien vers le live YouTube<\/a><\/span><\/p>\n<p style=\"text-align: center\"><a href=\"https:\/\/www.youtube.com\/live\/98ceNmAjQug\" target=\"_blank\" rel=\"noopener\"><img class=\"alignnone wp-image-5306\" src=\"https:\/\/www.ecolelasource.ch\/defi-source\/wp-content\/uploads\/sites\/8\/2025\/05\/ADU-169-5-300x169.jpg\" alt=\"\" width=\"866\" height=\"487\" srcset=\"https:\/\/www.ecolelasource.ch\/defi-source\/wp-content\/uploads\/sites\/8\/2025\/05\/ADU-169-5-300x169.jpg 300w, https:\/\/www.ecolelasource.ch\/defi-source\/wp-content\/uploads\/sites\/8\/2025\/05\/ADU-169-5-1024x576.jpg 1024w, https:\/\/www.ecolelasource.ch\/defi-source\/wp-content\/uploads\/sites\/8\/2025\/05\/ADU-169-5-768x432.jpg 768w, https:\/\/www.ecolelasource.ch\/defi-source\/wp-content\/uploads\/sites\/8\/2025\/05\/ADU-169-5-1536x864.jpg 1536w, https:\/\/www.ecolelasource.ch\/defi-source\/wp-content\/uploads\/sites\/8\/2025\/05\/ADU-169-5-2048x1152.jpg 2048w, https:\/\/www.ecolelasource.ch\/defi-source\/wp-content\/uploads\/sites\/8\/2025\/05\/ADU-169-5-767x431.jpg 767w\" sizes=\"(max-width: 866px) 100vw, 866px\" \/><\/a><\/p>\n<p>&nbsp;<\/p>\n","protected":false},"excerpt":{"rendered":"<p>&nbsp; Nous f\u00e9licitons les 190 participant\u00b7e\u00b7s enthousiastes qui se sont inscrit\u00b7es \u00e0 cette \u00e9dition 2025. Une belle \u00e9nergie collective pour r\u00e9inventer le monde de la sant\u00e9\u2026 et \u00e7a, c\u2019est d\u00e9j\u00e0 une r\u00e9ussite! \u00c0 l\u2019issue du Pitch Day, 14 \u00e9quipes ont \u00e9t\u00e9 s\u00e9lectionn\u00e9es pour acc\u00e9der au Bootcamp et au D Day, la c\u00e9r\u00e9monie de cl\u00f4ture et [&hellip;]<\/p>\n","protected":false},"author":2559,"featured_media":0,"parent":4466,"menu_order":0,"comment_status":"closed","ping_status":"closed","template":"","meta":[],"acf":[],"_links":{"self":[{"href":"https:\/\/www.ecolelasource.ch\/defi-source\/wp-json\/wp\/v2\/pages\/5187"}],"collection":[{"href":"https:\/\/www.ecolelasource.ch\/defi-source\/wp-json\/wp\/v2\/pages"}],"about":[{"href":"https:\/\/www.ecolelasource.ch\/defi-source\/wp-json\/wp\/v2\/types\/page"}],"author":[{"embeddable":true,"href":"https:\/\/www.ecolelasource.ch\/defi-source\/wp-json\/wp\/v2\/users\/2559"}],"replies":[{"embeddable":true,"href":"https:\/\/www.ecolelasource.ch\/defi-source\/wp-json\/wp\/v2\/comments?post=5187"}],"version-history":[{"count":10,"href":"https:\/\/www.ecolelasource.ch\/defi-source\/wp-json\/wp\/v2\/pages\/5187\/revisions"}],"predecessor-version":[{"id":5330,"href":"https:\/\/www.ecolelasource.ch\/defi-source\/wp-json\/wp\/v2\/pages\/5187\/revisions\/5330"}],"up":[{"embeddable":true,"href":"https:\/\/www.ecolelasource.ch\/defi-source\/wp-json\/wp\/v2\/pages\/4466"}],"wp:attachment":[{"href":"https:\/\/www.ecolelasource.ch\/defi-source\/wp-json\/wp\/v2\/media?parent=5187"}],"curies":[{"name":"wp","href":"https:\/\/api.w.org\/{rel}","templated":true}]}}