
{"id":4512,"date":"2025-02-04T16:01:21","date_gmt":"2025-02-04T15:01:21","guid":{"rendered":"https:\/\/www.ecolelasource.ch\/defi-source\/?page_id=4512"},"modified":"2025-05-23T23:39:26","modified_gmt":"2025-05-23T21:39:26","slug":"dates-et-programme-2025","status":"publish","type":"page","link":"https:\/\/www.ecolelasource.ch\/defi-source\/edition-2025\/dates-et-programme-2025\/","title":{"rendered":"Dates et horaires"},"content":{"rendered":"<p>&nbsp;<\/p>\n<p style=\"text-align: left\"><strong>La 3\u00e8me \u00e9dition du D\u00e9fi Source a lieu du 28 avril au 23 mai 2025.<\/strong><\/p>\n<p><strong>L&rsquo;\u00e9v\u00e9nement s&rsquo;est d\u00e9roul\u00e9 en 4 \u00e9tapes cl\u00e9s<\/strong> au cours desquelles les \u00e9quipes se forment, se qualifient et d\u00e9veloppent leur projet:<\/p>\n<ul>\n<li>Start: du 28.04.25 au 09.05.25<br \/>\nD\u00e9p\u00f4t des projets sur la plateforme, cr\u00e9ation des \u00e9quipes multidisciplinaires<\/li>\n<li>Pitch Day: 10.05.23<br \/>\nD\u00e9fense des projets devant des expert\u00b7es, qualification des meilleurs projets<\/li>\n<li>Bootcamp: 16.05.25 au 18.05.25<br \/>\nTravail en \u00e9quipe sur une solution concr\u00e8te, accompagnement par des coachs et expert\u00b7es<br \/>\n<a href=\"https:\/\/www.ecolelasource.ch\/defi-source\/edition-2025\/finalistes\/\" target=\"_blank\" rel=\"noopener\">D\u00e9couvrir les 14 projets finalistes<\/a><\/li>\n<li>D Day: 23.05.25<br \/>\nPr\u00e9sentation des \u00e9quipes finalistes en 120 secondes et remise des prix<\/li>\n<\/ul>\n<p>&nbsp;<\/p>\n<p><a href=\"https:\/\/forms.office.com\/e\/JyqDtA5kjD\" target=\"_blank\" rel=\"noopener\">\u00a0<img class=\"alignnone wp-image-5256\" src=\"https:\/\/www.ecolelasource.ch\/defi-source\/wp-content\/uploads\/sites\/8\/2025\/05\/DefiSource_DDay_programme-300x169.png\" alt=\"\" width=\"1170\" height=\"658\" srcset=\"https:\/\/www.ecolelasource.ch\/defi-source\/wp-content\/uploads\/sites\/8\/2025\/05\/DefiSource_DDay_programme-300x169.png 300w, https:\/\/www.ecolelasource.ch\/defi-source\/wp-content\/uploads\/sites\/8\/2025\/05\/DefiSource_DDay_programme-1024x576.png 1024w, https:\/\/www.ecolelasource.ch\/defi-source\/wp-content\/uploads\/sites\/8\/2025\/05\/DefiSource_DDay_programme-768x432.png 768w, https:\/\/www.ecolelasource.ch\/defi-source\/wp-content\/uploads\/sites\/8\/2025\/05\/DefiSource_DDay_programme-1536x864.png 1536w, https:\/\/www.ecolelasource.ch\/defi-source\/wp-content\/uploads\/sites\/8\/2025\/05\/DefiSource_DDay_programme-2048x1152.png 2048w, https:\/\/www.ecolelasource.ch\/defi-source\/wp-content\/uploads\/sites\/8\/2025\/05\/DefiSource_DDay_programme-767x431.png 767w\" sizes=\"(max-width: 1170px) 100vw, 1170px\" \/><\/a><\/p>\n<p>Les inscriptions sont closes pour participer en pr\u00e9sentiel ce vendredi 23 mai.<\/p>\n<p>&nbsp;<\/p>\n<p><strong>Grande finale en replay sur YouTube<\/strong><br \/>\nLa c\u00e9r\u00e9monie de cl\u00f4ture du D\u00e9fi Source est disponible en replay sur YouTube.<br \/>\n\u2b50 <a href=\"https:\/\/youtube.com\/live\/98ceNmAjQug\" target=\"_blank\" rel=\"noopener\">Lien vers YouTube<\/a><\/p>\n<p><a href=\"https:\/\/youtube.com\/live\/98ceNmAjQug\" target=\"_blank\" rel=\"noopener\"><img class=\"alignnone wp-image-5264\" src=\"https:\/\/www.ecolelasource.ch\/defi-source\/wp-content\/uploads\/sites\/8\/2025\/05\/ADU-169-4-300x169.jpg\" alt=\"\" width=\"1170\" height=\"658\" srcset=\"https:\/\/www.ecolelasource.ch\/defi-source\/wp-content\/uploads\/sites\/8\/2025\/05\/ADU-169-4-300x169.jpg 300w, https:\/\/www.ecolelasource.ch\/defi-source\/wp-content\/uploads\/sites\/8\/2025\/05\/ADU-169-4-1024x576.jpg 1024w, https:\/\/www.ecolelasource.ch\/defi-source\/wp-content\/uploads\/sites\/8\/2025\/05\/ADU-169-4-768x432.jpg 768w, https:\/\/www.ecolelasource.ch\/defi-source\/wp-content\/uploads\/sites\/8\/2025\/05\/ADU-169-4-1536x864.jpg 1536w, https:\/\/www.ecolelasource.ch\/defi-source\/wp-content\/uploads\/sites\/8\/2025\/05\/ADU-169-4-2048x1152.jpg 2048w, https:\/\/www.ecolelasource.ch\/defi-source\/wp-content\/uploads\/sites\/8\/2025\/05\/ADU-169-4-767x431.jpg 767w\" sizes=\"(max-width: 1170px) 100vw, 1170px\" \/><\/a><\/p>\n","protected":false},"excerpt":{"rendered":"<p>&nbsp; La 3\u00e8me \u00e9dition du D\u00e9fi Source a lieu du 28 avril au 23 mai 2025. L&rsquo;\u00e9v\u00e9nement s&rsquo;est d\u00e9roul\u00e9 en 4 \u00e9tapes cl\u00e9s au cours desquelles les \u00e9quipes se forment, se qualifient et d\u00e9veloppent leur projet: Start: du 28.04.25 au 09.05.25 D\u00e9p\u00f4t des projets sur la plateforme, cr\u00e9ation des \u00e9quipes multidisciplinaires Pitch Day: 10.05.23 D\u00e9fense [&hellip;]<\/p>\n","protected":false},"author":2559,"featured_media":0,"parent":4466,"menu_order":0,"comment_status":"closed","ping_status":"closed","template":"","meta":[],"acf":[],"_links":{"self":[{"href":"https:\/\/www.ecolelasource.ch\/defi-source\/wp-json\/wp\/v2\/pages\/4512"}],"collection":[{"href":"https:\/\/www.ecolelasource.ch\/defi-source\/wp-json\/wp\/v2\/pages"}],"about":[{"href":"https:\/\/www.ecolelasource.ch\/defi-source\/wp-json\/wp\/v2\/types\/page"}],"author":[{"embeddable":true,"href":"https:\/\/www.ecolelasource.ch\/defi-source\/wp-json\/wp\/v2\/users\/2559"}],"replies":[{"embeddable":true,"href":"https:\/\/www.ecolelasource.ch\/defi-source\/wp-json\/wp\/v2\/comments?post=4512"}],"version-history":[{"count":11,"href":"https:\/\/www.ecolelasource.ch\/defi-source\/wp-json\/wp\/v2\/pages\/4512\/revisions"}],"predecessor-version":[{"id":5326,"href":"https:\/\/www.ecolelasource.ch\/defi-source\/wp-json\/wp\/v2\/pages\/4512\/revisions\/5326"}],"up":[{"embeddable":true,"href":"https:\/\/www.ecolelasource.ch\/defi-source\/wp-json\/wp\/v2\/pages\/4466"}],"wp:attachment":[{"href":"https:\/\/www.ecolelasource.ch\/defi-source\/wp-json\/wp\/v2\/media?parent=4512"}],"curies":[{"name":"wp","href":"https:\/\/api.w.org\/{rel}","templated":true}]}}