
{"id":4268,"date":"2023-06-05T17:06:16","date_gmt":"2023-06-05T15:06:16","guid":{"rendered":"https:\/\/www.ecolelasource.ch\/defi-source\/?page_id=4268"},"modified":"2023-06-28T17:53:41","modified_gmt":"2023-06-28T15:53:41","slug":"coachs-et-experts","status":"publish","type":"page","link":"https:\/\/www.ecolelasource.ch\/defi-source\/coachs-et-experts\/","title":{"rendered":"Coachs et experts"},"content":{"rendered":"<p>Pr\u00e8s de 45 personnes ont apport\u00e9 leur expertise et aide aux \u00e9quipes durant le Pitch Day et le Bootcamp.<br \/>\nNous les remercions tr\u00e8s chaleureusement pour leur temps, leur engagement et leur pr\u00e9cieux soutien apport\u00e9 aux participants.<\/p>\n<p>&nbsp;<\/p>\n<p><span style=\"color: #e56240\"><strong>Coachs et experts volontaires<\/strong><\/span><br \/>\nAlain Junger, CHUV<br \/>\nAnne Gimalac, EPSN<br \/>\nAnoucha Galeazzi, The Positive Project<br \/>\nChiheb Said, R\u00e9seau hospitalier neuch\u00e2telois<br \/>\nChristel Detraz, CSS<br \/>\nChristine Gaulis, DGES<br \/>\nChristophe Barraud, Genilem<br \/>\nClaudio Mellace, Alten<br \/>\nEmilie Kohler, Kasser Schlosser avocats<br \/>\nFrancesca Bosisio, HEIG-VD<br \/>\nGilles Ruffieux, Qibud S\u00e0rl<br \/>\nLaurent Soldini, ECAL<br \/>\nLine Alaoui Mrani, Hirslanden<br \/>\nLisa Laroussi-Libeault<br \/>\nMarc Laperrouza, EPFL<br \/>\nMarie-Philippe Vanheems, I love OpEx<br \/>\nMathieu Blanc, Kasser Schlosser avocats<br \/>\nMaya Gharbi, EHL<br \/>\nNicolas Durand, Abionic<br \/>\nNicolas Marie, Apilean<br \/>\nPakize Palan, Les Soins Volants<br \/>\nPatricio Andr\u00e9, LoopWorkers.club<br \/>\nRafael Fink, Senior-Lab<br \/>\nSeleman Nabiyar, Hirslanden<br \/>\nSt\u00e9phanie Trang, Startup Inside Suisse<\/p>\n<p>&nbsp;<\/p>\n<p><span style=\"color: #e56240\"><strong>Coachs et experts au sein des programmes partenaires<\/strong><\/span><\/p>\n<p><strong>Fablab by La Clinique de La Source<\/strong><br \/>\nBenoit El Amrani, Pickbeam<br \/>\nEmma Hourquet<br \/>\nMathilde Juin, Conicio<br \/>\nYves Zieba, Syntezia S\u00e0rl<\/p>\n<p>&nbsp;<\/p>\n<p><strong>Fablab by ELCA \/ELCA Security\/ ELCA Digital Agency<\/strong><br \/>\nAur\u00e9lie Planchon, ELCA Security<br \/>\nCatrine Sutter, ELCA Security<br \/>\nEsteban Sotillo, ELCA Cloud Services<br \/>\nMarie Gutmann, AWS<br \/>\nMark Chouadra, ELCA Digital Agency<br \/>\nS\u00e9bastien Fabbri, ELCA<br \/>\nSepehr Milani, ELCA Digital Agency<\/p>\n<p>&nbsp;<\/p>\n<p><strong>Adopte mon projet<\/strong><br \/>\nHeinz Stockinger, Adesso<br \/>\nS\u00e9bastien Treyvaud, Adesso<br \/>\nChristopher Moufawad el Achkar, CSEM<br \/>\nBasile Michelet, Debiotech SA<br \/>\nMerlin Leuenberger, Debiotech SA<\/p>\n<p>&nbsp;<\/p>\n<p><strong><span style=\"color: #e56240\">Expertes au Centre de documentation (CeDoc)<\/span><\/strong><br \/>\nBlanche Kiszio<br \/>\nC\u00e9line Kramer<br \/>\nIsaline Maffli Ferrario<br \/>\nMarie-Laure Berchel<br \/>\nNathalie Favre<\/p>\n<p>&nbsp;<\/p>\n<p><span style=\"color: #e56240\">Un grand MERCI \u00e0 toutes et tous pour votre contribution \u00e0 ce Networking Event Series \u2013 D\u00e9fi Source 2023<\/span><br \/>\n<a href=\"https:\/\/www.innosuisse.ch\/inno\/fr\/home.html\" target=\"_blank\" rel=\"noopener\"><img class=\"alignnone wp-image-4121\" src=\"https:\/\/www.ecolelasource.ch\/defi-source\/wp-content\/uploads\/sites\/8\/2023\/05\/Inno_carre-300x300.png\" alt=\"\" width=\"225\" height=\"225\" srcset=\"https:\/\/www.ecolelasource.ch\/defi-source\/wp-content\/uploads\/sites\/8\/2023\/05\/Inno_carre-300x300.png 300w, https:\/\/www.ecolelasource.ch\/defi-source\/wp-content\/uploads\/sites\/8\/2023\/05\/Inno_carre-200x200.png 200w, https:\/\/www.ecolelasource.ch\/defi-source\/wp-content\/uploads\/sites\/8\/2023\/05\/Inno_carre-40x40.png 40w, https:\/\/www.ecolelasource.ch\/defi-source\/wp-content\/uploads\/sites\/8\/2023\/05\/Inno_carre-60x60.png 60w, https:\/\/www.ecolelasource.ch\/defi-source\/wp-content\/uploads\/sites\/8\/2023\/05\/Inno_carre.png 505w\" sizes=\"(max-width: 225px) 100vw, 225px\" \/><\/a><\/p>\n","protected":false},"excerpt":{"rendered":"<p>Pr\u00e8s de 45 personnes ont apport\u00e9 leur expertise et aide aux \u00e9quipes durant le Pitch Day et le Bootcamp. Nous les remercions tr\u00e8s chaleureusement pour leur temps, leur engagement et leur pr\u00e9cieux soutien apport\u00e9 aux participants. &nbsp; Coachs et experts volontaires Alain Junger, CHUV Anne Gimalac, EPSN Anoucha Galeazzi, The Positive Project Chiheb Said, R\u00e9seau [&hellip;]<\/p>\n","protected":false},"author":2559,"featured_media":0,"parent":0,"menu_order":0,"comment_status":"closed","ping_status":"closed","template":"","meta":[],"acf":[],"_links":{"self":[{"href":"https:\/\/www.ecolelasource.ch\/defi-source\/wp-json\/wp\/v2\/pages\/4268"}],"collection":[{"href":"https:\/\/www.ecolelasource.ch\/defi-source\/wp-json\/wp\/v2\/pages"}],"about":[{"href":"https:\/\/www.ecolelasource.ch\/defi-source\/wp-json\/wp\/v2\/types\/page"}],"author":[{"embeddable":true,"href":"https:\/\/www.ecolelasource.ch\/defi-source\/wp-json\/wp\/v2\/users\/2559"}],"replies":[{"embeddable":true,"href":"https:\/\/www.ecolelasource.ch\/defi-source\/wp-json\/wp\/v2\/comments?post=4268"}],"version-history":[{"count":10,"href":"https:\/\/www.ecolelasource.ch\/defi-source\/wp-json\/wp\/v2\/pages\/4268\/revisions"}],"predecessor-version":[{"id":4416,"href":"https:\/\/www.ecolelasource.ch\/defi-source\/wp-json\/wp\/v2\/pages\/4268\/revisions\/4416"}],"wp:attachment":[{"href":"https:\/\/www.ecolelasource.ch\/defi-source\/wp-json\/wp\/v2\/media?parent=4268"}],"curies":[{"name":"wp","href":"https:\/\/api.w.org\/{rel}","templated":true}]}}